{"id":168,"date":"2025-09-17T16:56:05","date_gmt":"2025-09-17T14:56:05","guid":{"rendered":"https:\/\/eius.umb.sk\/?page_id=168"},"modified":"2026-04-16T10:33:36","modified_gmt":"2026-04-16T08:33:36","slug":"conferences-2025","status":"publish","type":"page","link":"https:\/\/eius.umb.sk\/?page_id=168","title":{"rendered":"Conferences"},"content":{"rendered":"\n<div class=\"wp-block-group alignfull has-base-background-color has-background has-global-padding is-layout-constrained wp-container-core-group-is-layout-36f65c2d wp-block-group-is-layout-constrained\" style=\"margin-top:0;margin-bottom:0;padding-top:var(--wp--preset--spacing--50);padding-right:var(--wp--preset--spacing--50);padding-bottom:var(--wp--preset--spacing--50);padding-left:var(--wp--preset--spacing--50)\">\n<div class=\"wp-block-columns alignwide is-layout-flex wp-container-core-columns-is-layout-ef10d34a wp-block-columns-is-layout-flex\">\n<div class=\"wp-block-column is-layout-flow wp-container-core-column-is-layout-0c22cdd7 wp-block-column-is-layout-flow\" style=\"flex-basis:60%\"><div class=\"is-default-size wp-block-site-logo\"><a href=\"https:\/\/eius.umb.sk\/\" class=\"custom-logo-link\" rel=\"home\"><img loading=\"lazy\" decoding=\"async\" width=\"1143\" height=\"1217\" src=\"https:\/\/eius.umb.sk\/wp-content\/uploads\/2024\/09\/European_Inclusion_of_Ukrainian_Students_LOGO_povodne.png\" class=\"custom-logo\" alt=\"European Inclusion of Ukrainian Students\" srcset=\"https:\/\/eius.umb.sk\/wp-content\/uploads\/2024\/09\/European_Inclusion_of_Ukrainian_Students_LOGO_povodne.png 1143w, https:\/\/eius.umb.sk\/wp-content\/uploads\/2024\/09\/European_Inclusion_of_Ukrainian_Students_LOGO_povodne-282x300.png 282w, https:\/\/eius.umb.sk\/wp-content\/uploads\/2024\/09\/European_Inclusion_of_Ukrainian_Students_LOGO_povodne-962x1024.png 962w, https:\/\/eius.umb.sk\/wp-content\/uploads\/2024\/09\/European_Inclusion_of_Ukrainian_Students_LOGO_povodne-768x818.png 768w\" sizes=\"auto, (max-width: 1143px) 100vw, 1143px\" \/><\/a><\/div>\n\n\n<hr class=\"wp-block-separator has-alpha-channel-opacity\"\/>\n\n\n\n<p class=\"has-heading-font-family has-x-large-font-size wp-block-paragraph\" style=\"line-height:1.2\"><mark style=\"background-color:#c2a990\" class=\"has-inline-color has-base-2-color\">CONFERENCES IN 2026<\/mark><\/p>\n\n\n\n<figure class=\"wp-block-image size-large\"><img loading=\"lazy\" decoding=\"async\" width=\"1024\" height=\"537\" src=\"https:\/\/eius.umb.sk\/wp-content\/uploads\/2026\/04\/2-plny-1-1024x537.png\" alt=\"\" class=\"wp-image-326\" srcset=\"https:\/\/eius.umb.sk\/wp-content\/uploads\/2026\/04\/2-plny-1-1024x537.png 1024w, https:\/\/eius.umb.sk\/wp-content\/uploads\/2026\/04\/2-plny-1-300x157.png 300w, https:\/\/eius.umb.sk\/wp-content\/uploads\/2026\/04\/2-plny-1-768x403.png 768w, https:\/\/eius.umb.sk\/wp-content\/uploads\/2026\/04\/2-plny-1-1536x806.png 1536w, https:\/\/eius.umb.sk\/wp-content\/uploads\/2026\/04\/2-plny-1-2048x1075.png 2048w\" sizes=\"auto, (max-width: 1024px) 100vw, 1024px\" \/><\/figure>\n\n\n\n<div class=\"wp-block-group is-vertical is-content-justification-right is-layout-flex wp-container-core-group-is-layout-1bf5577e wp-block-group-is-layout-flex\">\n<p class=\"has-text-align-center wp-block-paragraph\">We are pleased to announce the upcoming international conference <strong>\u201cWhere Access Meets Belonging: Beyond Access, Towards Inclusion\u201d<\/strong>, organized by Matej Bel University in Bansk\u00e1 Bystrica within the European Inclusion of Ukrainian Students (EIUS) project. The event will take place on <strong>14\u201316 September 2026 at Hotel Grand V\u00edg\u013ea\u0161, Slovakia<\/strong>, and will bring together experts, researchers, and practitioners to discuss inclusive approaches in higher education.<\/p>\n\n\n\n<p class=\"has-text-align-left wp-block-paragraph\"><em>More information, including the programme and registration details, will be available soon.<\/em><\/p>\n<\/div>\n<\/div>\n<\/div>\n<\/div>\n\n\n\n<div class=\"wp-block-group alignfull has-base-background-color has-background has-global-padding is-layout-constrained wp-container-core-group-is-layout-36f65c2d wp-block-group-is-layout-constrained\" style=\"margin-top:0;margin-bottom:0;padding-top:var(--wp--preset--spacing--50);padding-right:var(--wp--preset--spacing--50);padding-bottom:var(--wp--preset--spacing--50);padding-left:var(--wp--preset--spacing--50)\">\n<div class=\"wp-block-columns alignwide is-layout-flex wp-container-core-columns-is-layout-ef10d34a wp-block-columns-is-layout-flex\">\n<div class=\"wp-block-column is-layout-flow wp-container-core-column-is-layout-0c22cdd7 wp-block-column-is-layout-flow\" style=\"flex-basis:60%\"><div class=\"is-default-size wp-block-site-logo\"><a href=\"https:\/\/eius.umb.sk\/\" class=\"custom-logo-link\" rel=\"home\"><img loading=\"lazy\" decoding=\"async\" width=\"1143\" height=\"1217\" src=\"https:\/\/eius.umb.sk\/wp-content\/uploads\/2024\/09\/European_Inclusion_of_Ukrainian_Students_LOGO_povodne.png\" class=\"custom-logo\" alt=\"European Inclusion of Ukrainian Students\" srcset=\"https:\/\/eius.umb.sk\/wp-content\/uploads\/2024\/09\/European_Inclusion_of_Ukrainian_Students_LOGO_povodne.png 1143w, https:\/\/eius.umb.sk\/wp-content\/uploads\/2024\/09\/European_Inclusion_of_Ukrainian_Students_LOGO_povodne-282x300.png 282w, https:\/\/eius.umb.sk\/wp-content\/uploads\/2024\/09\/European_Inclusion_of_Ukrainian_Students_LOGO_povodne-962x1024.png 962w, https:\/\/eius.umb.sk\/wp-content\/uploads\/2024\/09\/European_Inclusion_of_Ukrainian_Students_LOGO_povodne-768x818.png 768w\" sizes=\"auto, (max-width: 1143px) 100vw, 1143px\" \/><\/a><\/div>\n\n\n<hr class=\"wp-block-separator has-alpha-channel-opacity\"\/>\n\n\n\n<p class=\"has-heading-font-family has-x-large-font-size wp-block-paragraph\" style=\"line-height:1.2\"><mark style=\"background-color:#0b5997\" class=\"has-inline-color has-base-2-color\">LAST CONFERENCES IN 2025<\/mark><\/p>\n<\/div>\n<\/div>\n<\/div>\n\n\n\n<div class=\"wp-block-group alignfull has-accent-5-background-color has-background has-global-padding is-layout-constrained wp-container-core-group-is-layout-36f65c2d wp-block-group-is-layout-constrained\" style=\"margin-top:0;margin-bottom:0;padding-top:var(--wp--preset--spacing--50);padding-right:var(--wp--preset--spacing--50);padding-bottom:var(--wp--preset--spacing--50);padding-left:var(--wp--preset--spacing--50)\">\n<div class=\"wp-block-columns alignwide is-layout-flex wp-container-core-columns-is-layout-a0d91a25 wp-block-columns-is-layout-flex\">\n<div class=\"wp-block-column is-vertically-aligned-center is-layout-flow wp-block-column-is-layout-flow\" style=\"flex-basis:60%\">\n<figure class=\"wp-block-image size-large is-resized\"><img loading=\"lazy\" decoding=\"async\" width=\"724\" height=\"1024\" src=\"https:\/\/eius.umb.sk\/wp-content\/uploads\/2025\/10\/EIUS_27_10_2025-poster-page-001-1-724x1024.jpg\" alt=\"\" class=\"wp-image-259\" style=\"width:624px;height:auto\" srcset=\"https:\/\/eius.umb.sk\/wp-content\/uploads\/2025\/10\/EIUS_27_10_2025-poster-page-001-1-724x1024.jpg 724w, https:\/\/eius.umb.sk\/wp-content\/uploads\/2025\/10\/EIUS_27_10_2025-poster-page-001-1-212x300.jpg 212w, https:\/\/eius.umb.sk\/wp-content\/uploads\/2025\/10\/EIUS_27_10_2025-poster-page-001-1-768x1087.jpg 768w, https:\/\/eius.umb.sk\/wp-content\/uploads\/2025\/10\/EIUS_27_10_2025-poster-page-001-1-1086x1536.jpg 1086w, https:\/\/eius.umb.sk\/wp-content\/uploads\/2025\/10\/EIUS_27_10_2025-poster-page-001-1.jpg 1314w\" sizes=\"auto, (max-width: 724px) 100vw, 724px\" \/><\/figure>\n<\/div>\n\n\n\n<div class=\"wp-block-column is-layout-flow wp-block-column-is-layout-flow\" style=\"flex-basis:40%\">\n<figure class=\"wp-block-image size-full is-resized\"><img loading=\"lazy\" decoding=\"async\" width=\"737\" height=\"737\" src=\"https:\/\/eius.umb.sk\/wp-content\/uploads\/2025\/10\/image.png\" alt=\"\" class=\"wp-image-261\" style=\"width:406px;height:auto\" srcset=\"https:\/\/eius.umb.sk\/wp-content\/uploads\/2025\/10\/image.png 737w, https:\/\/eius.umb.sk\/wp-content\/uploads\/2025\/10\/image-300x300.png 300w, https:\/\/eius.umb.sk\/wp-content\/uploads\/2025\/10\/image-150x150.png 150w\" sizes=\"auto, (max-width: 737px) 100vw, 737px\" \/><\/figure>\n\n\n\n<p class=\"wp-block-paragraph\"><em>27th October 2025<\/em><\/p>\n\n\n\n<h2 class=\"wp-block-heading\"><strong>National Scientific Conference on \u201cEuropean Inclusion of Ukrainian Students\u201d<\/strong><\/h2>\n\n\n\n<p class=\"wp-block-paragraph\">Link: <a href=\"https:\/\/teams.microsoft.com\/l\/meetup-join\/19%3ameeting_MDNkNDZlYTYtOWM0MS00NjllLWI0MmQtNzJhNjNjNGM3NTE2%40thread.v2\/0?context=%7b%22Tid%22%3a%220ae86a88-e993-4850-9db2-1ff1884f9c8a%22%2c%22Oid%22%3a%22e97f8f1e-3f42-4820-bae6-33aa941018d0%22%7d\">MSTeams<\/a><\/p>\n\n\n\n<p class=\"wp-block-paragraph\">Invitation:<\/p>\n\n\n\n<div class=\"wp-block-file\"><a id=\"wp-block-file--media-bafa92e5-bed9-4ee4-89a2-e7c9980b328f\" href=\"https:\/\/eius.umb.sk\/wp-content\/uploads\/2025\/10\/Invitation_EIUS-page-001.jpg\">Invitation_EIUS-page-001<\/a><a href=\"https:\/\/eius.umb.sk\/wp-content\/uploads\/2025\/10\/Invitation_EIUS-page-001.jpg\" class=\"wp-block-file__button wp-element-button\" download aria-describedby=\"wp-block-file--media-bafa92e5-bed9-4ee4-89a2-e7c9980b328f\">Download<\/a><\/div>\n<\/div>\n<\/div>\n<\/div>\n\n\n\n<div class=\"wp-block-group alignfull has-accent-5-background-color has-background has-global-padding is-layout-constrained wp-container-core-group-is-layout-36f65c2d wp-block-group-is-layout-constrained\" style=\"margin-top:0;margin-bottom:0;padding-top:var(--wp--preset--spacing--50);padding-right:var(--wp--preset--spacing--50);padding-bottom:var(--wp--preset--spacing--50);padding-left:var(--wp--preset--spacing--50)\">\n<div class=\"wp-block-columns alignwide is-layout-flex wp-container-core-columns-is-layout-a0d91a25 wp-block-columns-is-layout-flex\">\n<div class=\"wp-block-column is-vertically-aligned-center is-layout-flow wp-block-column-is-layout-flow\" style=\"flex-basis:60%\">\n<div data-wp-interactive=\"core\/file\" class=\"wp-block-file\"><object data-wp-bind--hidden=\"!state.hasPdfPreview\" hidden class=\"wp-block-file__embed\" data=\"https:\/\/eius.umb.sk\/wp-content\/uploads\/2026\/03\/Romania_final-conference.pdf\" type=\"application\/pdf\" style=\"width:100%;height:600px\" aria-label=\"Vlo\u017ei\u0165 Romania_final-conference.\"><\/object><a id=\"wp-block-file--media-4d4bc35d-5e91-4a3d-bb47-43ade2b77008\" href=\"https:\/\/eius.umb.sk\/wp-content\/uploads\/2026\/03\/Romania_final-conference.pdf\">Romania_final-conference<\/a><a href=\"https:\/\/eius.umb.sk\/wp-content\/uploads\/2026\/03\/Romania_final-conference.pdf\" class=\"wp-block-file__button wp-element-button\" download aria-describedby=\"wp-block-file--media-4d4bc35d-5e91-4a3d-bb47-43ade2b77008\">Download<\/a><\/div>\n<\/div>\n\n\n\n<div class=\"wp-block-column is-layout-flow wp-block-column-is-layout-flow\" style=\"flex-basis:40%\">\n<p class=\"wp-block-paragraph\">CONFERENCE OUTPUT &#8211; TEXTBOOK<\/p>\n\n\n\n<h2 class=\"wp-block-heading\"><em><strong>Proceedings of the<\/strong> <strong>National Scientific Conference<\/strong><\/em><\/h2>\n\n\n\n<p class=\"wp-block-paragraph\"><\/p>\n\n\n\n<p class=\"wp-block-paragraph\"><\/p>\n<\/div>\n<\/div>\n<\/div>\n\n\n\n<div class=\"wp-block-group alignfull has-accent-5-background-color has-background has-global-padding is-layout-constrained wp-container-core-group-is-layout-36f65c2d wp-block-group-is-layout-constrained\" style=\"margin-top:0;margin-bottom:0;padding-top:var(--wp--preset--spacing--50);padding-right:var(--wp--preset--spacing--50);padding-bottom:var(--wp--preset--spacing--50);padding-left:var(--wp--preset--spacing--50)\">\n<div class=\"wp-block-columns alignwide is-layout-flex wp-container-core-columns-is-layout-a0d91a25 wp-block-columns-is-layout-flex\">\n<div class=\"wp-block-column is-vertically-aligned-center is-layout-flow wp-block-column-is-layout-flow\" style=\"flex-basis:60%\">\n<div data-wp-interactive=\"core\/file\" class=\"wp-block-file\"><object data-wp-bind--hidden=\"!state.hasPdfPreview\" hidden class=\"wp-block-file__embed\" data=\"https:\/\/eius.umb.sk\/wp-content\/uploads\/2026\/03\/Article.pdf\" type=\"application\/pdf\" style=\"width:100%;height:600px\" aria-label=\"Vlo\u017ei\u0165 Article.\"><\/object><a id=\"wp-block-file--media-e13529c0-09d2-4f0c-8be2-61b2fecb9a74\" href=\"https:\/\/eius.umb.sk\/wp-content\/uploads\/2026\/03\/Article.pdf\">Article<\/a><a href=\"https:\/\/eius.umb.sk\/wp-content\/uploads\/2026\/03\/Article.pdf\" class=\"wp-block-file__button wp-element-button\" download aria-describedby=\"wp-block-file--media-e13529c0-09d2-4f0c-8be2-61b2fecb9a74\">Download<\/a><\/div>\n<\/div>\n\n\n\n<div class=\"wp-block-column is-layout-flow wp-block-column-is-layout-flow\" style=\"flex-basis:40%\">\n<p class=\"wp-block-paragraph\">CONFERENCE OUTPUT &#8211; ARTICLE<\/p>\n\n\n\n<h2 class=\"wp-block-heading\"><em>Integrating Ukrainian Students in Romanian Higher Education<\/em><\/h2>\n\n\n\n<p class=\"wp-block-paragraph\">Caratas, M. A., &amp; Tasente, T. (2026). Integrating Ukrainian Students in Romanian Higher Education: Qualitative Insights from the EIUS Erasmus+ Project. Education Sciences, 16(1), 91.<\/p>\n\n\n\n<p class=\"wp-block-paragraph\"><a href=\"https:\/\/doi.org\/10.3390\/educsci16010091\">https:\/\/doi.org\/10.3390\/educsci16010091<\/a><\/p>\n\n\n\n<p class=\"wp-block-paragraph\"><\/p>\n<\/div>\n<\/div>\n<\/div>\n\n\n\n<div class=\"wp-block-group alignfull has-accent-background-color has-background has-global-padding is-layout-constrained wp-container-core-group-is-layout-73128380 wp-block-group-is-layout-constrained\" style=\"margin-top:0;margin-bottom:0;padding-top:var(--wp--preset--spacing--50);padding-right:var(--wp--preset--spacing--50);padding-bottom:var(--wp--preset--spacing--50);padding-left:var(--wp--preset--spacing--50)\">\n<div class=\"wp-block-columns alignwide is-layout-flex wp-container-core-columns-is-layout-a0d91a25 wp-block-columns-is-layout-flex\">\n<div class=\"wp-block-column is-vertically-aligned-stretch is-layout-flow wp-block-column-is-layout-flow\" style=\"flex-basis:50%\">\n<div class=\"wp-block-group is-vertical is-content-justification-stretch is-layout-flex wp-container-core-group-is-layout-c042bc37 wp-block-group-is-layout-flex\" style=\"min-height:100%\">\n<p class=\"has-heading-font-family has-x-large-font-size wp-block-paragraph\" style=\"line-height:1.2\"><strong>CONFERENCE \u201cEUROPEAN INCLUSION OF UKRAINIAN STUDENTS\u201d<\/strong><\/p>\n\n\n\n<p class=\"has-heading-font-family has-x-large-font-size wp-block-paragraph\" style=\"line-height:1.2\">23. september 2025<\/p>\n\n\n\n<div class=\"wp-block-group has-global-padding is-layout-constrained wp-block-group-is-layout-constrained\">\n<p class=\"wp-block-paragraph\"><em>Matej Bel University in Bansk\u00e1 Bystrica<\/em><\/p>\n\n\n\n<p class=\"wp-block-paragraph\"><strong>PROGRAM<\/strong><\/p>\n\n\n\n<div data-wp-interactive=\"core\/file\" class=\"wp-block-file\"><object data-wp-bind--hidden=\"!state.hasPdfPreview\" hidden class=\"wp-block-file__embed\" data=\"https:\/\/eius.umb.sk\/wp-content\/uploads\/2025\/08\/Pozvanka_SK_invitation_EN.pdf\" type=\"application\/pdf\" style=\"width:100%;height:810px\" aria-label=\"Vlo\u017ei\u0165 Pozv\u00e1nka_SK_invitation_EN.\"><\/object><a id=\"wp-block-file--media-70a23f86-92d1-4efd-8fed-70afa1e92be1\" href=\"https:\/\/eius.umb.sk\/wp-content\/uploads\/2025\/08\/Pozvanka_SK_invitation_EN.pdf\">Pozv\u00e1nka_SK_invitation_EN<\/a><a href=\"https:\/\/eius.umb.sk\/wp-content\/uploads\/2025\/08\/Pozvanka_SK_invitation_EN.pdf\" class=\"wp-block-file__button wp-element-button\" download aria-describedby=\"wp-block-file--media-70a23f86-92d1-4efd-8fed-70afa1e92be1\">Download<\/a><\/div>\n<\/div>\n<\/div>\n\n\n\n<p class=\"wp-block-paragraph\"><\/p>\n<\/div>\n\n\n\n<div class=\"wp-block-column is-vertically-aligned-center is-layout-flow wp-block-column-is-layout-flow\" style=\"flex-basis:50%\">\n<figure class=\"wp-block-image size-full is-resized\"><img loading=\"lazy\" decoding=\"async\" width=\"795\" height=\"713\" src=\"https:\/\/eius.umb.sk\/wp-content\/uploads\/2025\/09\/cmsSiteBoxPhoto_19616_18142.png\" alt=\"\" class=\"wp-image-182\" style=\"width:216px;height:auto\" srcset=\"https:\/\/eius.umb.sk\/wp-content\/uploads\/2025\/09\/cmsSiteBoxPhoto_19616_18142.png 795w, https:\/\/eius.umb.sk\/wp-content\/uploads\/2025\/09\/cmsSiteBoxPhoto_19616_18142-300x269.png 300w, https:\/\/eius.umb.sk\/wp-content\/uploads\/2025\/09\/cmsSiteBoxPhoto_19616_18142-768x689.png 768w\" sizes=\"auto, (max-width: 795px) 100vw, 795px\" \/><\/figure>\n\n\n\n<p class=\"wp-block-paragraph\"><\/p>\n\n\n\n<p class=\"wp-block-paragraph\"><\/p>\n\n\n\n<p class=\"wp-block-paragraph\"><\/p>\n\n\n\n<h2 class=\"wp-block-heading\">Conference Organizing Committee<\/h2>\n\n\n\n<ul class=\"wp-block-list\">\n<li>Ing. So\u0148a Pri\u0161\u010d\u00e1kov\u00e1, PhD., MBA (sona.priscakova@umb.sk)<\/li>\n\n\n\n<li>Ing. Alexandra Pan\u010d\u00edkov\u00e1, PhD. (alexandra.pancikova@umb.sk)<\/li>\n\n\n\n<li>Ing. Zuzana Kvetkov\u00e1 <\/li>\n\n\n\n<li>Vanesa Kov\u00e1\u010dikov\u00e1<\/li>\n\n\n\n<li>Tereza Kuch\u00e1rov\u00e1<\/li>\n\n\n\n<li>Tereza Dominikov\u00e1<\/li>\n<\/ul>\n\n\n\n<p class=\"wp-block-paragraph\"><\/p>\n\n\n\n<p class=\"wp-block-paragraph\"><\/p>\n\n\n\n<h2 class=\"wp-block-heading\">Conference Scientific    Committee<\/h2>\n\n\n\n<ul class=\"wp-block-list\">\n<li>doc. Mgr. Ing. Miroslava Knapkov\u00e1, PhD. (miroslava.knapkova@umb.sk)<\/li>\n\n\n\n<li>JUDr. \u013dubica Saktorov\u00e1, PhD., LL.M., M.A.<\/li>\n\n\n\n<li>doc. PhDr. Miriam Martinkovi\u010dov\u00e1, PhD.<\/li>\n\n\n\n<li>prof. Dr. Natia Zedginidze-Jishkariani<\/li>\n\n\n\n<li>Maria A. Carata\u0219,&nbsp;Ph.D.<\/li>\n\n\n\n<li>dr hab. in\u017c. Marlena Piekut prof. uczelni<\/li>\n\n\n\n<li>prof. UR dr hab. Anna Barwi\u0144ska-Ma\u0142ajowicz<\/li>\n<\/ul>\n<\/div>\n<\/div>\n\n\n\n<h2 class=\"wp-block-heading has-text-align-center\"><em>Topics of the conference<\/em><\/h2>\n\n\n\n<p class=\"has-text-align-center wp-block-paragraph\">Inclusion of Ukrainian students from the point of:<\/p>\n\n\n\n<blockquote class=\"wp-block-quote is-layout-flow wp-block-quote-is-layout-flow\">\n<p class=\"has-text-align-center wp-block-paragraph\">Economics and management<br>Law<br>Political science<br>International relations<br>Other social sciences<\/p>\n<\/blockquote>\n\n\n\n<p class=\"has-text-align-center wp-block-paragraph\">Please send your completed papers to the email address <strong>eius.umb@umb.sk<\/strong> until 28. september 2025.<\/p>\n\n\n\n<p class=\"wp-block-paragraph\"><\/p>\n\n\n\n<h2 class=\"wp-block-heading has-text-align-center\"><em>Focus of the panel discussion<\/em><\/h2>\n\n\n\n<p class=\"has-text-align-center wp-block-paragraph\">The panel discussion aims to open an inter-institutional dialogue on the challenges, barriers, and needs in the area of inclusion of Ukrainian students into the Slovak and broader European higher education environment from the perspective of key actors at the national level.<\/p>\n\n\n\n<p class=\"has-text-align-center wp-block-paragraph\">The plenary sessions is scheduled to take place from 9:15 to 10:00.<\/p>\n\n\n\n<p class=\"has-text-align-center wp-block-paragraph\">The panel discussion is scheduled to take place from 10:00 to 11:30.<\/p>\n<\/div>\n\n\n\n<div class=\"wp-block-group alignfull has-accent-background-color has-background has-global-padding is-layout-constrained wp-container-core-group-is-layout-73128380 wp-block-group-is-layout-constrained\" style=\"margin-top:0;margin-bottom:0;padding-top:var(--wp--preset--spacing--50);padding-right:var(--wp--preset--spacing--50);padding-bottom:var(--wp--preset--spacing--50);padding-left:var(--wp--preset--spacing--50)\">\n<div class=\"wp-block-columns alignwide is-layout-flex wp-container-core-columns-is-layout-a0d91a25 wp-block-columns-is-layout-flex\">\n<div class=\"wp-block-column is-vertically-aligned-stretch is-layout-flow wp-block-column-is-layout-flow\" style=\"flex-basis:50%\">\n<div class=\"wp-block-group is-vertical is-content-justification-stretch is-layout-flex wp-container-core-group-is-layout-c042bc37 wp-block-group-is-layout-flex\" style=\"min-height:100%\">\n<p class=\"has-heading-font-family has-x-large-font-size wp-block-paragraph\" style=\"line-height:1.2\">Panel discussion participants:<\/p>\n\n\n\n<p class=\"wp-block-paragraph\"><\/p>\n\n\n\n<p class=\"wp-block-paragraph\"><strong>JUDr. Martin P\u00edry,&nbsp;PhD.&nbsp;<\/strong><\/p>\n\n\n\n<p class=\"wp-block-paragraph\">Lecturer UMB<\/p>\n\n\n\n<p class=\"wp-block-paragraph\">Researcher and lecturer at the Department of Financial and Administrative Law, Faculty of Law, Matej Bel University, specializing in green spatial development, construction law, and certain issues of administrative healthcare. He served as a member of the international expert team amicus curiae before the US Supreme Court, was a member of the disciplinary senates of the Supreme Administrative Court of the Slovak Republic, and advisor to the Minister of Transport of the Slovak Republic in the creation of construction law. He is the author of several commentaries on construction law regulations. At the beginning of the aggression against Ukraine, he volunteered to work with refugees at the border and in a refugee camp in \u017dilina.<\/p>\n\n\n\n<p class=\"wp-block-paragraph\"><\/p>\n<\/div>\n<\/div>\n\n\n\n<div class=\"wp-block-column is-vertically-aligned-center is-layout-flow wp-block-column-is-layout-flow\" style=\"flex-basis:50%\">\n<figure class=\"wp-block-image size-large is-resized is-style-rounded is-style-rounded--1\"><img loading=\"lazy\" decoding=\"async\" width=\"715\" height=\"1024\" src=\"https:\/\/eius.umb.sk\/wp-content\/uploads\/2025\/09\/485360632_1676091939955051_7150479600670486683_n-715x1024.jpg\" alt=\"\" class=\"wp-image-180\" style=\"aspect-ratio:0.75;object-fit:cover;width:305px;height:auto\" srcset=\"https:\/\/eius.umb.sk\/wp-content\/uploads\/2025\/09\/485360632_1676091939955051_7150479600670486683_n-715x1024.jpg 715w, https:\/\/eius.umb.sk\/wp-content\/uploads\/2025\/09\/485360632_1676091939955051_7150479600670486683_n-209x300.jpg 209w, https:\/\/eius.umb.sk\/wp-content\/uploads\/2025\/09\/485360632_1676091939955051_7150479600670486683_n-768x1100.jpg 768w, https:\/\/eius.umb.sk\/wp-content\/uploads\/2025\/09\/485360632_1676091939955051_7150479600670486683_n-1073x1536.jpg 1073w, https:\/\/eius.umb.sk\/wp-content\/uploads\/2025\/09\/485360632_1676091939955051_7150479600670486683_n.jpg 1430w\" sizes=\"auto, (max-width: 715px) 100vw, 715px\" \/><\/figure>\n<\/div>\n<\/div>\n<\/div>\n\n\n\n<div class=\"wp-block-group alignfull has-accent-background-color has-background has-global-padding is-layout-constrained wp-container-core-group-is-layout-73128380 wp-block-group-is-layout-constrained\" style=\"margin-top:0;margin-bottom:0;padding-top:var(--wp--preset--spacing--50);padding-right:var(--wp--preset--spacing--50);padding-bottom:var(--wp--preset--spacing--50);padding-left:var(--wp--preset--spacing--50)\">\n<div class=\"wp-block-columns alignwide is-layout-flex wp-container-core-columns-is-layout-a0d91a25 wp-block-columns-is-layout-flex\">\n<div class=\"wp-block-column is-vertically-aligned-stretch is-layout-flow wp-block-column-is-layout-flow\" style=\"flex-basis:50%\">\n<div class=\"wp-block-group is-vertical is-content-justification-stretch is-layout-flex wp-container-core-group-is-layout-c042bc37 wp-block-group-is-layout-flex\" style=\"min-height:100%\">\n<p class=\"wp-block-paragraph\"><strong>doc. PhDr. Andrea Klimkov\u00e1, PhD.<\/strong><\/p>\n\n\n\n<p class=\"wp-block-paragraph\">Lecturer UMB, Didactician, and coordinator of teaching practice; Member of the Ethics Committee of UMB; Member of the Committee for Ethics in Science and Research at the Faculty of Arts UMB<\/p>\n\n\n\n<p class=\"wp-block-paragraph\">Andrea Klimkov\u00e1 works at the Faculty of Philosophy of Matej Bel University in Bansk\u00e1 Bystrica, where she teaches and conducts research in the field of systematic ethics, environmental ethics, and academic ethics. She is the author of the monograph Plurality of Values in Environmental Ethics and several studies published both domestically and abroad. Her research focuses on issues of values, the relationship between humans and nature, and questions of responsibility in the current social and political context. The topic of inclusion in its various forms is also part of a research project she is currently working on.<\/p>\n<\/div>\n<\/div>\n\n\n\n<div class=\"wp-block-column is-vertically-aligned-center is-layout-flow wp-block-column-is-layout-flow\" style=\"flex-basis:50%\">\n<figure class=\"wp-block-image size-full is-resized is-style-rounded is-style-rounded--2\"><img loading=\"lazy\" decoding=\"async\" width=\"380\" height=\"380\" src=\"https:\/\/eius.umb.sk\/wp-content\/uploads\/2025\/09\/jpegPhoto_8922.jpg\" alt=\"\" class=\"wp-image-188\" style=\"aspect-ratio:0.75;object-fit:cover;width:305px;height:auto\" srcset=\"https:\/\/eius.umb.sk\/wp-content\/uploads\/2025\/09\/jpegPhoto_8922.jpg 380w, https:\/\/eius.umb.sk\/wp-content\/uploads\/2025\/09\/jpegPhoto_8922-300x300.jpg 300w, https:\/\/eius.umb.sk\/wp-content\/uploads\/2025\/09\/jpegPhoto_8922-150x150.jpg 150w\" sizes=\"auto, (max-width: 380px) 100vw, 380px\" \/><\/figure>\n<\/div>\n<\/div>\n<\/div>\n\n\n\n<div class=\"wp-block-group alignfull has-accent-background-color has-background has-global-padding is-layout-constrained wp-container-core-group-is-layout-73128380 wp-block-group-is-layout-constrained\" style=\"margin-top:0;margin-bottom:0;padding-top:var(--wp--preset--spacing--50);padding-right:var(--wp--preset--spacing--50);padding-bottom:var(--wp--preset--spacing--50);padding-left:var(--wp--preset--spacing--50)\">\n<div class=\"wp-block-columns alignwide is-layout-flex wp-container-core-columns-is-layout-a0d91a25 wp-block-columns-is-layout-flex\">\n<div class=\"wp-block-column is-vertically-aligned-stretch is-layout-flow wp-block-column-is-layout-flow\" style=\"flex-basis:50%\">\n<div class=\"wp-block-group is-vertical is-content-justification-stretch is-layout-flex wp-container-core-group-is-layout-c042bc37 wp-block-group-is-layout-flex\" style=\"min-height:100%\">\n<p class=\"wp-block-paragraph\"><strong>Mgr. Ant\u00f3nia Jure\u010dkov\u00e1, PhD.<\/strong><\/p>\n\n\n\n<p class=\"wp-block-paragraph\">Head of the <a href=\"https:\/\/www.banskabystrica.sk\/sekcie\/oddelenia\/oddelenie-medzinarodnych-vztahov-a-zahranicneho-obchodu\/\">Department of International Relations and Foreign Trade<\/a><\/p>\n\n\n\n<p class=\"wp-block-paragraph\">Ant\u00f3nia Jure\u010dkov\u00e1, has professional experience in international relations, linguistics, and academic mobility. She studied translation and interpreting (English and German) at Matej Bel University in Bansk\u00e1 Bystrica, where she later obtained her PhD in general linguistics. During her studies, she completed several internships abroad, for example in Vienna, Brussels, and Munich.<br>She has extensive work experience in the field of international cooperation \u2013 she worked as an academic mobility coordinator at SAIA, n. o., and currently heads the Department of International Relations and Foreign Trade at the City Office in Bansk\u00e1 Bystrica. In addition, she is involved in translation, interpreting, and lecturing. She is actively involved in international projects and cooperation with foreign partners.<\/p>\n<\/div>\n<\/div>\n\n\n\n<div class=\"wp-block-column is-vertically-aligned-center is-layout-flow wp-block-column-is-layout-flow\" style=\"flex-basis:50%\">\n<figure class=\"wp-block-image size-large is-resized is-style-rounded is-style-rounded--3\"><img loading=\"lazy\" decoding=\"async\" width=\"768\" height=\"1024\" src=\"https:\/\/eius.umb.sk\/wp-content\/uploads\/2025\/09\/PHOTO-2023-08-05-18-10-32-768x1024.jpg\" alt=\"\" class=\"wp-image-209\" style=\"aspect-ratio:0.75;object-fit:cover;width:305px;height:auto\" srcset=\"https:\/\/eius.umb.sk\/wp-content\/uploads\/2025\/09\/PHOTO-2023-08-05-18-10-32-768x1024.jpg 768w, https:\/\/eius.umb.sk\/wp-content\/uploads\/2025\/09\/PHOTO-2023-08-05-18-10-32-225x300.jpg 225w, https:\/\/eius.umb.sk\/wp-content\/uploads\/2025\/09\/PHOTO-2023-08-05-18-10-32-1152x1536.jpg 1152w, https:\/\/eius.umb.sk\/wp-content\/uploads\/2025\/09\/PHOTO-2023-08-05-18-10-32.jpg 1536w\" sizes=\"auto, (max-width: 768px) 100vw, 768px\" \/><\/figure>\n<\/div>\n<\/div>\n\n\n\n<div class=\"wp-block-group alignfull has-accent-background-color has-background has-global-padding is-layout-constrained wp-container-core-group-is-layout-73128380 wp-block-group-is-layout-constrained\" style=\"margin-top:0;margin-bottom:0;padding-top:var(--wp--preset--spacing--50);padding-right:var(--wp--preset--spacing--50);padding-bottom:var(--wp--preset--spacing--50);padding-left:var(--wp--preset--spacing--50)\">\n<div class=\"wp-block-columns alignwide is-layout-flex wp-container-core-columns-is-layout-a0d91a25 wp-block-columns-is-layout-flex\">\n<div class=\"wp-block-column is-vertically-aligned-stretch is-layout-flow wp-block-column-is-layout-flow\" style=\"flex-basis:50%\">\n<div class=\"wp-block-group is-vertical is-content-justification-stretch is-layout-flex wp-container-core-group-is-layout-c042bc37 wp-block-group-is-layout-flex\" style=\"min-height:100%\">\n<p class=\"wp-block-paragraph\"><strong><strong>Zuzana \u0160pinderov\u00e1<\/strong><\/strong><\/p>\n\n\n\n<p class=\"wp-block-paragraph\">Capacity Building Unit International Organization for Migration<\/p>\n\n\n\n<p class=\"wp-block-paragraph\">Zuzana \u0160pinderov\u00e1, part of the capacity building and training team at IOM Slovakia. Her work focuses primarily on the prevention of human trafficking, sexual exploitation and abuse, and gender-based violence. She is currently working on the REACHMIND project, which supports the inclusion and mental health of children with refugee and migrant backgrounds in school environments, including Ukrainian students aged 12-16.<\/p>\n\n\n\n<p class=\"wp-block-paragraph\">During her internship at the European Commission, Zuzana focused on mobility issues, in particular the Erasmus+ program and the European Solidarity Corps. Zuzana has lived in six European countries and in her free time she enjoys reading, learning languages, photography, and traveling.<\/p>\n\n\n\n<p class=\"wp-block-paragraph\"><\/p>\n<\/div>\n<\/div>\n\n\n\n<div class=\"wp-block-column is-vertically-aligned-center is-layout-flow wp-block-column-is-layout-flow\" style=\"flex-basis:50%\">\n<figure class=\"wp-block-image size-full is-resized is-style-rounded is-style-rounded--4\"><img loading=\"lazy\" decoding=\"async\" width=\"902\" height=\"895\" src=\"https:\/\/eius.umb.sk\/wp-content\/uploads\/2025\/09\/Snimka-obrazovky-2025-09-21-190931-1.png\" alt=\"\" class=\"wp-image-215\" style=\"aspect-ratio:0.75;object-fit:cover;width:305px;height:auto\" srcset=\"https:\/\/eius.umb.sk\/wp-content\/uploads\/2025\/09\/Snimka-obrazovky-2025-09-21-190931-1.png 902w, https:\/\/eius.umb.sk\/wp-content\/uploads\/2025\/09\/Snimka-obrazovky-2025-09-21-190931-1-300x298.png 300w, https:\/\/eius.umb.sk\/wp-content\/uploads\/2025\/09\/Snimka-obrazovky-2025-09-21-190931-1-150x150.png 150w, https:\/\/eius.umb.sk\/wp-content\/uploads\/2025\/09\/Snimka-obrazovky-2025-09-21-190931-1-768x762.png 768w\" sizes=\"auto, (max-width: 902px) 100vw, 902px\" \/><\/figure>\n<\/div>\n<\/div>\n<\/div>\n\n\n\n<div class=\"wp-block-group alignfull has-base-background-color has-background has-global-padding is-layout-constrained wp-container-core-group-is-layout-36f65c2d wp-block-group-is-layout-constrained\" style=\"margin-top:0;margin-bottom:0;padding-top:var(--wp--preset--spacing--50);padding-right:var(--wp--preset--spacing--50);padding-bottom:var(--wp--preset--spacing--50);padding-left:var(--wp--preset--spacing--50)\">\n<div class=\"wp-block-columns alignwide is-layout-flex wp-container-core-columns-is-layout-ef10d34a wp-block-columns-is-layout-flex\">\n<div class=\"wp-block-column has-global-padding is-content-justification-left is-layout-constrained wp-container-core-column-is-layout-fbd00b99 wp-block-column-is-layout-constrained\" style=\"flex-basis:40%\">\n<p class=\"has-text-align-center wp-block-paragraph\">The list of Slovak student presenters:<\/p>\n\n\n\n<ul class=\"wp-block-list\">\n<li><strong>Bc. Timotej \u0160ag\u00fal<\/strong>, <em>Faculty of Economics <\/em><\/li>\n\n\n\n<li><strong>Bc. M\u00e1rio Morau\u010d\u00edk<\/strong>,  <em>Faculty of Economics <\/em><\/li>\n\n\n\n<li><strong>Bc. Maro\u0161 Gerge\u013e<\/strong>, <em>Faculty of Political Sciences and International Relations<\/em><\/li>\n<\/ul>\n<\/div>\n\n\n\n<div class=\"wp-block-column is-layout-flow wp-container-core-column-is-layout-0c22cdd7 wp-block-column-is-layout-flow\" style=\"flex-basis:60%\">\n<p class=\"has-text-align-center has-heading-font-family has-x-large-font-size wp-block-paragraph\" style=\"line-height:1.2\"><em>Student section<\/em><\/p>\n\n\n\n<p class=\"has-text-align-center wp-block-paragraph\">The student section is scheduled to take place from 13:00 to 15:00.<\/p>\n\n\n\n<figure class=\"wp-block-image size-large\"><img loading=\"lazy\" decoding=\"async\" width=\"1024\" height=\"79\" src=\"https:\/\/eius.umb.sk\/wp-content\/uploads\/2025\/09\/cmsBannerImageFile_449-1024x79.jpg\" alt=\"\" class=\"wp-image-192\" srcset=\"https:\/\/eius.umb.sk\/wp-content\/uploads\/2025\/09\/cmsBannerImageFile_449-1024x79.jpg 1024w, https:\/\/eius.umb.sk\/wp-content\/uploads\/2025\/09\/cmsBannerImageFile_449-300x23.jpg 300w, https:\/\/eius.umb.sk\/wp-content\/uploads\/2025\/09\/cmsBannerImageFile_449-768x59.jpg 768w, https:\/\/eius.umb.sk\/wp-content\/uploads\/2025\/09\/cmsBannerImageFile_449-1536x118.jpg 1536w, https:\/\/eius.umb.sk\/wp-content\/uploads\/2025\/09\/cmsBannerImageFile_449.jpg 1900w\" sizes=\"auto, (max-width: 1024px) 100vw, 1024px\" \/><\/figure>\n<\/div>\n<\/div>\n<\/div>\n\n\n\n<div data-wp-interactive=\"core\/file\" class=\"wp-block-file\"><object data-wp-bind--hidden=\"!state.hasPdfPreview\" hidden class=\"wp-block-file__embed\" data=\"https:\/\/eius.umb.sk\/wp-content\/uploads\/2025\/09\/Detailed-conference-program.pdf\" type=\"application\/pdf\" style=\"width:100%;height:870px\" aria-label=\"Vlo\u017ei\u0165 Detailed conference program.\"><\/object><a id=\"wp-block-file--media-5eb93ad1-a491-44c4-93c4-7861224cef58\" href=\"https:\/\/eius.umb.sk\/wp-content\/uploads\/2025\/09\/Detailed-conference-program.pdf\">Detailed conference program<\/a><a href=\"https:\/\/eius.umb.sk\/wp-content\/uploads\/2025\/09\/Detailed-conference-program.pdf\" class=\"wp-block-file__button wp-element-button\" download aria-describedby=\"wp-block-file--media-5eb93ad1-a491-44c4-93c4-7861224cef58\">Download<\/a><\/div>\n\n\n\n<div data-wp-interactive=\"core\/file\" class=\"wp-block-file\"><object data-wp-bind--hidden=\"!state.hasPdfPreview\" hidden class=\"wp-block-file__embed\" data=\"https:\/\/eius.umb.sk\/wp-content\/uploads\/2025\/09\/Brochure-for-the-EIUS-conference-at-UMB-1.pdf\" type=\"application\/pdf\" style=\"width:100%;height:600px\" aria-label=\"Vlo\u017ei\u0165 Brochure for the EIUS conference at UMB.\"><\/object><a id=\"wp-block-file--media-b8f38ca6-8496-4527-89f5-0a3ca131a38f\" href=\"https:\/\/eius.umb.sk\/wp-content\/uploads\/2025\/09\/Brochure-for-the-EIUS-conference-at-UMB-1.pdf\">Brochure for the EIUS conference at UMB<\/a><a href=\"https:\/\/eius.umb.sk\/wp-content\/uploads\/2025\/09\/Brochure-for-the-EIUS-conference-at-UMB-1.pdf\" class=\"wp-block-file__button wp-element-button\" download aria-describedby=\"wp-block-file--media-b8f38ca6-8496-4527-89f5-0a3ca131a38f\">Download<\/a><\/div>\n<\/div>\n\n\n\n<p class=\"has-text-align-center wp-block-paragraph\"><strong>F O T O G A L L E R Y<\/strong><\/p>\n\n\n\n<div class=\"wp-block-group alignfull has-accent-background-color has-background has-global-padding is-layout-constrained wp-container-core-group-is-layout-73128380 wp-block-group-is-layout-constrained\" style=\"margin-top:0;margin-bottom:0;padding-top:var(--wp--preset--spacing--50);padding-right:var(--wp--preset--spacing--50);padding-bottom:var(--wp--preset--spacing--50);padding-left:var(--wp--preset--spacing--50)\">\n<div class=\"wp-block-group alignfull has-global-padding is-layout-constrained wp-container-core-group-is-layout-0759c396 wp-block-group-is-layout-constrained\" style=\"margin-top:0;margin-bottom:0;padding-top:var(--wp--preset--spacing--50);padding-right:var(--wp--preset--spacing--50);padding-bottom:var(--wp--preset--spacing--50);padding-left:var(--wp--preset--spacing--50)\">\n<div class=\"wp-block-columns alignwide is-layout-flex wp-container-core-columns-is-layout-694ead9e wp-block-columns-is-layout-flex\" style=\"margin-top:0;margin-bottom:0\">\n<div class=\"wp-block-column is-layout-flow wp-container-core-column-is-layout-c6aab7f7 wp-block-column-is-layout-flow\">\n<figure class=\"wp-block-image size-large is-style-rounded is-style-rounded--5\"><img loading=\"lazy\" decoding=\"async\" width=\"1024\" height=\"768\" src=\"https:\/\/eius.umb.sk\/wp-content\/uploads\/2025\/09\/IMG_5300-2-1024x768.jpg\" alt=\"\" class=\"wp-image-249\" style=\"aspect-ratio:4\/3;object-fit:cover\" srcset=\"https:\/\/eius.umb.sk\/wp-content\/uploads\/2025\/09\/IMG_5300-2-1024x768.jpg 1024w, https:\/\/eius.umb.sk\/wp-content\/uploads\/2025\/09\/IMG_5300-2-300x225.jpg 300w, https:\/\/eius.umb.sk\/wp-content\/uploads\/2025\/09\/IMG_5300-2-768x576.jpg 768w, https:\/\/eius.umb.sk\/wp-content\/uploads\/2025\/09\/IMG_5300-2-1536x1152.jpg 1536w, https:\/\/eius.umb.sk\/wp-content\/uploads\/2025\/09\/IMG_5300-2-2048x1536.jpg 2048w\" sizes=\"auto, (max-width: 1024px) 100vw, 1024px\" \/><\/figure>\n\n\n\n<div style=\"height:var(--wp--preset--spacing--50)\" aria-hidden=\"true\" class=\"wp-block-spacer\"><\/div>\n\n\n\n<figure class=\"wp-block-image size-large is-style-rounded is-style-rounded--6\"><img loading=\"lazy\" decoding=\"async\" width=\"768\" height=\"1024\" src=\"https:\/\/eius.umb.sk\/wp-content\/uploads\/2025\/09\/IMG_5362-2-768x1024.jpg\" alt=\"\" class=\"wp-image-247\" style=\"aspect-ratio:3\/4;object-fit:cover\" srcset=\"https:\/\/eius.umb.sk\/wp-content\/uploads\/2025\/09\/IMG_5362-2-768x1024.jpg 768w, https:\/\/eius.umb.sk\/wp-content\/uploads\/2025\/09\/IMG_5362-2-225x300.jpg 225w, https:\/\/eius.umb.sk\/wp-content\/uploads\/2025\/09\/IMG_5362-2-1152x1536.jpg 1152w, https:\/\/eius.umb.sk\/wp-content\/uploads\/2025\/09\/IMG_5362-2-1536x2048.jpg 1536w, https:\/\/eius.umb.sk\/wp-content\/uploads\/2025\/09\/IMG_5362-2-scaled.jpg 1920w\" sizes=\"auto, (max-width: 768px) 100vw, 768px\" \/><\/figure>\n<\/div>\n\n\n\n<div class=\"wp-block-column is-layout-flow wp-container-core-column-is-layout-c6aab7f7 wp-block-column-is-layout-flow\">\n<div style=\"height:var(--wp--preset--spacing--50)\" aria-hidden=\"true\" class=\"wp-block-spacer\"><\/div>\n\n\n\n<figure class=\"wp-block-image size-large is-style-rounded is-style-rounded--7\"><img loading=\"lazy\" decoding=\"async\" width=\"768\" height=\"1024\" src=\"https:\/\/eius.umb.sk\/wp-content\/uploads\/2025\/09\/IMG_5315-2-768x1024.jpg\" alt=\"\" class=\"wp-image-246\" style=\"aspect-ratio:3\/4;object-fit:cover\" srcset=\"https:\/\/eius.umb.sk\/wp-content\/uploads\/2025\/09\/IMG_5315-2-768x1024.jpg 768w, https:\/\/eius.umb.sk\/wp-content\/uploads\/2025\/09\/IMG_5315-2-225x300.jpg 225w, https:\/\/eius.umb.sk\/wp-content\/uploads\/2025\/09\/IMG_5315-2-1152x1536.jpg 1152w, https:\/\/eius.umb.sk\/wp-content\/uploads\/2025\/09\/IMG_5315-2-1536x2048.jpg 1536w, https:\/\/eius.umb.sk\/wp-content\/uploads\/2025\/09\/IMG_5315-2-scaled.jpg 1920w\" sizes=\"auto, (max-width: 768px) 100vw, 768px\" \/><\/figure>\n\n\n\n<div style=\"height:var(--wp--preset--spacing--50)\" aria-hidden=\"true\" class=\"wp-block-spacer\"><\/div>\n\n\n\n<figure class=\"wp-block-image size-large is-style-rounded is-style-rounded--8\"><img loading=\"lazy\" decoding=\"async\" width=\"768\" height=\"1024\" src=\"https:\/\/eius.umb.sk\/wp-content\/uploads\/2025\/09\/IMG_5297-2-768x1024.jpg\" alt=\"\" class=\"wp-image-244\" style=\"aspect-ratio:1;object-fit:cover\" srcset=\"https:\/\/eius.umb.sk\/wp-content\/uploads\/2025\/09\/IMG_5297-2-768x1024.jpg 768w, https:\/\/eius.umb.sk\/wp-content\/uploads\/2025\/09\/IMG_5297-2-225x300.jpg 225w, https:\/\/eius.umb.sk\/wp-content\/uploads\/2025\/09\/IMG_5297-2-1152x1536.jpg 1152w, https:\/\/eius.umb.sk\/wp-content\/uploads\/2025\/09\/IMG_5297-2-1536x2048.jpg 1536w, https:\/\/eius.umb.sk\/wp-content\/uploads\/2025\/09\/IMG_5297-2-scaled.jpg 1920w\" sizes=\"auto, (max-width: 768px) 100vw, 768px\" \/><\/figure>\n<\/div>\n<\/div>\n<\/div>\n\n\n\n<div class=\"wp-block-group alignfull has-global-padding is-layout-constrained wp-container-core-group-is-layout-0759c396 wp-block-group-is-layout-constrained\" style=\"margin-top:0;margin-bottom:0;padding-top:var(--wp--preset--spacing--50);padding-right:var(--wp--preset--spacing--50);padding-bottom:var(--wp--preset--spacing--50);padding-left:var(--wp--preset--spacing--50)\">\n<div class=\"wp-block-columns alignwide is-layout-flex wp-container-core-columns-is-layout-694ead9e wp-block-columns-is-layout-flex\" style=\"margin-top:0;margin-bottom:0\">\n<div class=\"wp-block-column is-layout-flow wp-container-core-column-is-layout-c6aab7f7 wp-block-column-is-layout-flow\">\n<figure class=\"wp-block-image size-large is-style-rounded is-style-rounded--9\"><img loading=\"lazy\" decoding=\"async\" width=\"768\" height=\"1024\" src=\"https:\/\/eius.umb.sk\/wp-content\/uploads\/2025\/09\/IMG_5341-1-768x1024.jpg\" alt=\"\" class=\"wp-image-250\" style=\"aspect-ratio:4\/3;object-fit:cover\" srcset=\"https:\/\/eius.umb.sk\/wp-content\/uploads\/2025\/09\/IMG_5341-1-768x1024.jpg 768w, https:\/\/eius.umb.sk\/wp-content\/uploads\/2025\/09\/IMG_5341-1-225x300.jpg 225w, https:\/\/eius.umb.sk\/wp-content\/uploads\/2025\/09\/IMG_5341-1-1152x1536.jpg 1152w, https:\/\/eius.umb.sk\/wp-content\/uploads\/2025\/09\/IMG_5341-1-1536x2048.jpg 1536w, https:\/\/eius.umb.sk\/wp-content\/uploads\/2025\/09\/IMG_5341-1-scaled.jpg 1920w\" sizes=\"auto, (max-width: 768px) 100vw, 768px\" \/><\/figure>\n\n\n\n<div style=\"height:var(--wp--preset--spacing--50)\" aria-hidden=\"true\" class=\"wp-block-spacer\"><\/div>\n\n\n\n<figure class=\"wp-block-image size-large is-style-rounded is-style-rounded--10\"><img loading=\"lazy\" decoding=\"async\" width=\"1024\" height=\"768\" src=\"https:\/\/eius.umb.sk\/wp-content\/uploads\/2025\/09\/175915153941629205-1024x768.jpg\" alt=\"\" class=\"wp-image-252\" style=\"aspect-ratio:3\/4;object-fit:cover\" srcset=\"https:\/\/eius.umb.sk\/wp-content\/uploads\/2025\/09\/175915153941629205-1024x768.jpg 1024w, https:\/\/eius.umb.sk\/wp-content\/uploads\/2025\/09\/175915153941629205-300x225.jpg 300w, https:\/\/eius.umb.sk\/wp-content\/uploads\/2025\/09\/175915153941629205-768x576.jpg 768w, https:\/\/eius.umb.sk\/wp-content\/uploads\/2025\/09\/175915153941629205-1536x1152.jpg 1536w, https:\/\/eius.umb.sk\/wp-content\/uploads\/2025\/09\/175915153941629205.jpg 1835w\" sizes=\"auto, (max-width: 1024px) 100vw, 1024px\" \/><\/figure>\n<\/div>\n\n\n\n<div class=\"wp-block-column is-layout-flow wp-container-core-column-is-layout-c6aab7f7 wp-block-column-is-layout-flow\">\n<div style=\"height:var(--wp--preset--spacing--50)\" aria-hidden=\"true\" class=\"wp-block-spacer\"><\/div>\n\n\n\n<figure class=\"wp-block-image size-large is-style-rounded is-style-rounded--11\"><img loading=\"lazy\" decoding=\"async\" width=\"768\" height=\"1024\" src=\"https:\/\/eius.umb.sk\/wp-content\/uploads\/2025\/09\/IMG_5601-4-768x1024.jpg\" alt=\"\" class=\"wp-image-251\" style=\"aspect-ratio:3\/4;object-fit:cover\" srcset=\"https:\/\/eius.umb.sk\/wp-content\/uploads\/2025\/09\/IMG_5601-4-768x1024.jpg 768w, https:\/\/eius.umb.sk\/wp-content\/uploads\/2025\/09\/IMG_5601-4-225x300.jpg 225w, https:\/\/eius.umb.sk\/wp-content\/uploads\/2025\/09\/IMG_5601-4-1152x1536.jpg 1152w, https:\/\/eius.umb.sk\/wp-content\/uploads\/2025\/09\/IMG_5601-4-1536x2048.jpg 1536w, https:\/\/eius.umb.sk\/wp-content\/uploads\/2025\/09\/IMG_5601-4-scaled.jpg 1920w\" sizes=\"auto, (max-width: 768px) 100vw, 768px\" \/><\/figure>\n\n\n\n<div style=\"height:var(--wp--preset--spacing--50)\" aria-hidden=\"true\" class=\"wp-block-spacer\"><\/div>\n\n\n\n<figure class=\"wp-block-image size-large is-style-rounded is-style-rounded--12\"><img loading=\"lazy\" decoding=\"async\" width=\"768\" height=\"1024\" src=\"https:\/\/eius.umb.sk\/wp-content\/uploads\/2025\/09\/1759151539416292050-768x1024.jpg\" alt=\"\" class=\"wp-image-254\" style=\"aspect-ratio:1;object-fit:cover\" srcset=\"https:\/\/eius.umb.sk\/wp-content\/uploads\/2025\/09\/1759151539416292050-768x1024.jpg 768w, https:\/\/eius.umb.sk\/wp-content\/uploads\/2025\/09\/1759151539416292050-225x300.jpg 225w, https:\/\/eius.umb.sk\/wp-content\/uploads\/2025\/09\/1759151539416292050-1152x1536.jpg 1152w, https:\/\/eius.umb.sk\/wp-content\/uploads\/2025\/09\/1759151539416292050-1536x2048.jpg 1536w, https:\/\/eius.umb.sk\/wp-content\/uploads\/2025\/09\/1759151539416292050.jpg 1835w\" sizes=\"auto, (max-width: 768px) 100vw, 768px\" \/><\/figure>\n<\/div>\n<\/div>\n<\/div>\n<\/div>\n\n\n\n<div class=\"wp-block-group alignfull has-accent-5-background-color has-background has-global-padding is-layout-constrained wp-container-core-group-is-layout-36f65c2d wp-block-group-is-layout-constrained\" style=\"margin-top:0;margin-bottom:0;padding-top:var(--wp--preset--spacing--50);padding-right:var(--wp--preset--spacing--50);padding-bottom:var(--wp--preset--spacing--50);padding-left:var(--wp--preset--spacing--50)\">\n<div class=\"wp-block-columns alignwide is-layout-flex wp-container-core-columns-is-layout-a0d91a25 wp-block-columns-is-layout-flex\">\n<div class=\"wp-block-column is-vertically-aligned-center is-layout-flow wp-block-column-is-layout-flow\" style=\"flex-basis:60%\"><\/div>\n\n\n\n<div class=\"wp-block-column is-layout-flow wp-block-column-is-layout-flow\" style=\"flex-basis:40%\">\n<h2 class=\"wp-block-heading\"><strong>National Scientific Conference on \u201cInclusiveness of the Ukrainian educational space in the context of European integration processes: foreign experience through the eyes of domestic scientists\u201d<\/strong><\/h2>\n\n\n\n<p class=\"wp-block-paragraph\">Link: <a href=\"https:\/\/meet.google.com\/vkf-wjfh-opb\">https:\/\/meet.google.com\/vkf-wjfh-opb<\/a><\/p>\n\n\n\n<p class=\"wp-block-paragraph\">Program:<\/p>\n\n\n\n<div data-wp-interactive=\"core\/file\" class=\"wp-block-file\"><object data-wp-bind--hidden=\"!state.hasPdfPreview\" hidden class=\"wp-block-file__embed\" data=\"https:\/\/eius.umb.sk\/wp-content\/uploads\/2025\/06\/\u041f\u0440\u043e\u0433\u0440\u0430\u043c\u0430_\u0406\u043d\u043a\u043b\u044e\u0437\u0438\u0432\u043d\u0456\u0441\u0442\u044c-\u0443\u043a\u0440\u0430\u0457\u043d\u0441\u044c\u043a\u043e\u0433\u043e-\u043e\u0441\u0432\u0456\u0442\u043d\u044c\u043e\u0433\u043e-\u043f\u0440\u043e\u0441\u0442\u043e\u0440\u0443-\u0443-\u043a\u043e\u043d\u0442\u0435\u043a\u0441\u0442\u0456-\u0454\u0432\u0440\u043e\u0456\u043d\u0442\u0435\u0433\u0440\u0430\u0446\u0456\u0439\u043d\u0438\u0445-\u043f\u0440\u043e\u0446\u0435\u0441\u0456\u0432.pdf\" type=\"application\/pdf\" style=\"width:100%;height:600px\" aria-label=\"Vlo\u017ei\u0165 \u041f\u0440\u043e\u0433\u0440\u0430\u043c\u0430_\u0406\u043d\u043a\u043b\u044e\u0437\u0438\u0432\u043d\u0456\u0441\u0442\u044c \u0443\u043a\u0440\u0430\u0457\u043d\u0441\u044c\u043a\u043e\u0433\u043e \u043e\u0441\u0432\u0456\u0442\u043d\u044c\u043e\u0433\u043e \u043f\u0440\u043e\u0441\u0442\u043e\u0440\u0443 \u0443 \u043a\u043e\u043d\u0442\u0435\u043a\u0441\u0442\u0456 \u0454\u0432\u0440\u043e\u0456\u043d\u0442\u0435\u0433\u0440\u0430\u0446\u0456\u0439\u043d\u0438\u0445 \u043f\u0440\u043e\u0446\u0435\u0441\u0456\u0432.\"><\/object><a id=\"wp-block-file--media-6f1b2ed0-2f5a-4c31-b5f3-6b1e9c21e0ab\" href=\"https:\/\/eius.umb.sk\/wp-content\/uploads\/2025\/06\/\u041f\u0440\u043e\u0433\u0440\u0430\u043c\u0430_\u0406\u043d\u043a\u043b\u044e\u0437\u0438\u0432\u043d\u0456\u0441\u0442\u044c-\u0443\u043a\u0440\u0430\u0457\u043d\u0441\u044c\u043a\u043e\u0433\u043e-\u043e\u0441\u0432\u0456\u0442\u043d\u044c\u043e\u0433\u043e-\u043f\u0440\u043e\u0441\u0442\u043e\u0440\u0443-\u0443-\u043a\u043e\u043d\u0442\u0435\u043a\u0441\u0442\u0456-\u0454\u0432\u0440\u043e\u0456\u043d\u0442\u0435\u0433\u0440\u0430\u0446\u0456\u0439\u043d\u0438\u0445-\u043f\u0440\u043e\u0446\u0435\u0441\u0456\u0432.pdf\">\u041f\u0440\u043e\u0433\u0440\u0430\u043c\u0430_\u0406\u043d\u043a\u043b\u044e\u0437\u0438\u0432\u043d\u0456\u0441\u0442\u044c \u0443\u043a\u0440\u0430\u0457\u043d\u0441\u044c\u043a\u043e\u0433\u043e \u043e\u0441\u0432\u0456\u0442\u043d\u044c\u043e\u0433\u043e \u043f\u0440\u043e\u0441\u0442\u043e\u0440\u0443 \u0443 \u043a\u043e\u043d\u0442\u0435\u043a\u0441\u0442\u0456 \u0454\u0432\u0440\u043e\u0456\u043d\u0442\u0435\u0433\u0440\u0430\u0446\u0456\u0439\u043d\u0438\u0445 \u043f\u0440\u043e\u0446\u0435\u0441\u0456\u0432<\/a><a href=\"https:\/\/eius.umb.sk\/wp-content\/uploads\/2025\/06\/\u041f\u0440\u043e\u0433\u0440\u0430\u043c\u0430_\u0406\u043d\u043a\u043b\u044e\u0437\u0438\u0432\u043d\u0456\u0441\u0442\u044c-\u0443\u043a\u0440\u0430\u0457\u043d\u0441\u044c\u043a\u043e\u0433\u043e-\u043e\u0441\u0432\u0456\u0442\u043d\u044c\u043e\u0433\u043e-\u043f\u0440\u043e\u0441\u0442\u043e\u0440\u0443-\u0443-\u043a\u043e\u043d\u0442\u0435\u043a\u0441\u0442\u0456-\u0454\u0432\u0440\u043e\u0456\u043d\u0442\u0435\u0433\u0440\u0430\u0446\u0456\u0439\u043d\u0438\u0445-\u043f\u0440\u043e\u0446\u0435\u0441\u0456\u0432.pdf\" class=\"wp-block-file__button wp-element-button\" download aria-describedby=\"wp-block-file--media-6f1b2ed0-2f5a-4c31-b5f3-6b1e9c21e0ab\">Download<\/a><\/div>\n<\/div>\n<\/div>\n<\/div>\n\n\n\n<div class=\"wp-block-group alignfull has-global-padding is-layout-constrained wp-container-core-group-is-layout-36f65c2d wp-block-group-is-layout-constrained\" style=\"margin-top:0;margin-bottom:0;padding-top:var(--wp--preset--spacing--50);padding-right:var(--wp--preset--spacing--50);padding-bottom:var(--wp--preset--spacing--50);padding-left:var(--wp--preset--spacing--50)\">\n<div class=\"wp-block-columns alignwide are-vertically-aligned-center is-layout-flex wp-container-core-columns-is-layout-ca2b64f2 wp-block-columns-is-layout-flex\">\n<div class=\"wp-block-column is-vertically-aligned-center is-layout-flow wp-block-column-is-layout-flow\" style=\"flex-basis:50%\">\n<h2 class=\"wp-block-heading\"><strong>Konferencja naukowa pt. \u201eEIUS &#8211; Integracja student\u00f3w z Ukrainy ze spo\u0142eczno\u015bci\u0105 akademick\u0105 w Polsce\u201d<\/strong><\/h2>\n\n\n\n<p class=\"wp-block-paragraph\"><\/p>\n\n\n\n<p class=\"wp-block-paragraph\">Link: <a href=\"https:\/\/www.youtube.com\/watch?v=htoKBPo7U6w\">https:\/\/www.youtube.com\/watch?v=htoKBPo7U6w<\/a><\/p>\n\n\n\n<figure class=\"wp-block-gallery has-nested-images columns-default is-cropped wp-block-gallery-13 is-layout-flex wp-block-gallery-is-layout-flex\">\n<figure class=\"wp-block-image aligncenter size-large\"><img loading=\"lazy\" decoding=\"async\" width=\"636\" height=\"900\" data-id=\"152\" src=\"https:\/\/eius.umb.sk\/wp-content\/uploads\/2025\/05\/POSTER-national-conference-in-Poland.jpg\" alt=\"\" class=\"wp-image-152\" srcset=\"https:\/\/eius.umb.sk\/wp-content\/uploads\/2025\/05\/POSTER-national-conference-in-Poland.jpg 636w, https:\/\/eius.umb.sk\/wp-content\/uploads\/2025\/05\/POSTER-national-conference-in-Poland-212x300.jpg 212w\" sizes=\"auto, (max-width: 636px) 100vw, 636px\" \/><\/figure>\n<\/figure>\n<\/div>\n\n\n\n<div class=\"wp-block-column is-vertically-aligned-center is-layout-flow wp-block-column-is-layout-flow\" style=\"flex-basis:50%\"><\/div>\n<\/div>\n<\/div>\n","protected":false},"excerpt":{"rendered":"<p>CONFERENCES IN 2026 We are pleased to announce the upcoming international conference \u201cWhere Access Meets Belonging: Beyond Access, Towards Inclusion\u201d, organized by Matej Bel University in Bansk\u00e1 Bystrica within the European Inclusion of Ukrainian Students (EIUS) project. The event will take place on 14\u201316 September 2026 at Hotel Grand V\u00edg\u013ea\u0161, Slovakia, and will bring together [&hellip;]<\/p>\n","protected":false},"author":1,"featured_media":0,"parent":0,"menu_order":0,"comment_status":"closed","ping_status":"closed","template":"","meta":{"footnotes":""},"class_list":["post-168","page","type-page","status-publish","hentry"],"_links":{"self":[{"href":"https:\/\/eius.umb.sk\/index.php?rest_route=\/wp\/v2\/pages\/168","targetHints":{"allow":["GET"]}}],"collection":[{"href":"https:\/\/eius.umb.sk\/index.php?rest_route=\/wp\/v2\/pages"}],"about":[{"href":"https:\/\/eius.umb.sk\/index.php?rest_route=\/wp\/v2\/types\/page"}],"author":[{"embeddable":true,"href":"https:\/\/eius.umb.sk\/index.php?rest_route=\/wp\/v2\/users\/1"}],"replies":[{"embeddable":true,"href":"https:\/\/eius.umb.sk\/index.php?rest_route=%2Fwp%2Fv2%2Fcomments&post=168"}],"version-history":[{"count":55,"href":"https:\/\/eius.umb.sk\/index.php?rest_route=\/wp\/v2\/pages\/168\/revisions"}],"predecessor-version":[{"id":328,"href":"https:\/\/eius.umb.sk\/index.php?rest_route=\/wp\/v2\/pages\/168\/revisions\/328"}],"wp:attachment":[{"href":"https:\/\/eius.umb.sk\/index.php?rest_route=%2Fwp%2Fv2%2Fmedia&parent=168"}],"curies":[{"name":"wp","href":"https:\/\/api.w.org\/{rel}","templated":true}]}}